{"id":515,"date":"2018-04-27T16:42:44","date_gmt":"2018-04-27T14:42:44","guid":{"rendered":"http:\/\/merci-edith.net\/?page_id=515"},"modified":"2024-03-11T14:55:31","modified_gmt":"2024-03-11T13:55:31","slug":"apropos","status":"publish","type":"page","link":"http:\/\/merci-edith.net\/index.php\/apropos\/","title":{"rendered":"\u00e0 propos"},"content":{"rendered":"<p><em><strong>Bienvenue !<\/strong><\/em><\/p>\n<p>Apr\u00e8s une formation de graphisme &amp; un master de recherche graphique, je me forme \u00e0 la gravure et \u00e0 l&rsquo;impression dans les ateliers collectifs <a href=\"http:\/\/ipn.maison\">IPN<\/a> \u00e0 Toulouse. J&rsquo;y rencontre des gens qui m&rsquo;entrainent dans diverses aventures, des repas de quartier \u00e0 la conception de revues , fanzines et autres r\u00e9jouissances imprim\u00e9es. Puis je d\u00e9cide de retourner au Pays pour voir si l&rsquo;herbe y est toujours plus verte et je m&rsquo;installe au Z\u00fcz\u00fcl\u00fc, un atelier transdisciplinaire en plein Petit Bayonne.<\/p>\n<p>Aujourd&rsquo;hui dessinatrice et graphiste ind\u00e9pendante, co-directrice de la revue exp\u00e9rimentale l&rsquo;Esprit Tranquille chez <a href=\"http:\/\/presses.fantomes.net\">Les presses Fantomes<\/a>,\u00a0 je m\u2019int\u00e9resse aux feintes graphiques, \u00e0 la repr\u00e9sentation des ch\u00e2teaux d\u2019eau et autres constructions. Je partage mon temps entre le dessin, la gravure low-cost, le graphisme et la fabrication d&rsquo;objets imprim\u00e9s.<\/p>\n<p>(Presque jamais, j&rsquo;actualise des choses sur mon <a href=\"https:\/\/edithmerci.tumblr.com\/\"><strong>tumblr<\/strong><\/a> ou mon <strong><a href=\"https:\/\/www.instagram.com\/merci.edy\/\">instagram.)<\/a><\/strong><\/p>\n<p>&#8211;<\/p>\n<p><em><strong>biographie compl\u00e8te :<\/strong><\/em><\/p>\n<p>I<br \/>\nApr\u00e8s un BTS de graphisme \u00e0 Toulouse dans un lyc\u00e9e en forme de <strong>\u263d<\/strong>, je d\u00e9couvre les multiples couloirs de la fac pour trouver un <strong>\u2740 <\/strong>Master de recherche en Arts Appliqu\u00e9s <strong>\u2740<\/strong>. Je m&rsquo;y suis attard\u00e9 \u00e0 \u00e9tudier le livre et ses techniques de feintes graphiques, les artifices qui pourraient permettre au graphisme de faire basculer ses supports dans la fiction qu&rsquo;il accueille.<\/p>\n<p>II<br \/>\nEn m\u00eame temps, la fac c&rsquo;est long, alors on fonde l&rsquo;association Octocode avec <a href=\"http:\/\/bientot3000.com\/\">Bianca M.D<\/a>, <a href=\"http:\/\/theo.abadon.free.fr\/\">Th\u00e9o A<\/a>., <a href=\"http:\/\/3secondesplustard.net\/blog\/\">Brenda G<\/a>. &amp; Ir\u00e8ne D., afin d&rsquo;exp\u00e9rimenter le travail \u00e0 plusieurs mains et \u00e0 plusieurs avis, et les ponts de singe entre le graphisme et les autres (disciplines), comme la c\u00e9ramique ou la p\u00e2tisserie par exemple.<\/p>\n<p>III<br \/>\nEt comme les r\u00e9unions dans le salon, \u00e7a devient compliqu\u00e9, on rejoint alors le <a href=\"http:\/\/ipn.maison\">collectif IPN<\/a>, o\u00f9 je d\u00e9couvre la gravure et la s\u00e9rigraphie, ainsi que les joies et d\u00e9boires d&rsquo;un lieu d&rsquo;exp\u00e9rimentation artistique auto-g\u00e9r\u00e9.<\/p>\n<figure id=\"attachment_1253\" aria-describedby=\"caption-attachment-1253\" style=\"width: 560px\" class=\"wp-caption alignleft\"><img loading=\"lazy\" class=\"size-large wp-image-1253\" src=\"http:\/\/merci-edith.net\/wp-content\/uploads\/2021\/04\/ZUZULU-un-jour-de-pluie-1-600x808.jpg\" alt=\"zuzulu\" width=\"560\" height=\"754\" srcset=\"http:\/\/merci-edith.net\/wp-content\/uploads\/2021\/04\/ZUZULU-un-jour-de-pluie-1-600x808.jpg 600w, http:\/\/merci-edith.net\/wp-content\/uploads\/2021\/04\/ZUZULU-un-jour-de-pluie-1-223x300.jpg 223w, http:\/\/merci-edith.net\/wp-content\/uploads\/2021\/04\/ZUZULU-un-jour-de-pluie-1-768x1034.jpg 768w, http:\/\/merci-edith.net\/wp-content\/uploads\/2021\/04\/ZUZULU-un-jour-de-pluie-1-1141x1536.jpg 1141w, http:\/\/merci-edith.net\/wp-content\/uploads\/2021\/04\/ZUZULU-un-jour-de-pluie-1-1522x2048.jpg 1522w, http:\/\/merci-edith.net\/wp-content\/uploads\/2021\/04\/ZUZULU-un-jour-de-pluie-1-1200x1615.jpg 1200w, http:\/\/merci-edith.net\/wp-content\/uploads\/2021\/04\/ZUZULU-un-jour-de-pluie-1-560x754.jpg 560w, http:\/\/merci-edith.net\/wp-content\/uploads\/2021\/04\/ZUZULU-un-jour-de-pluie-1-scaled.jpg 1902w\" sizes=\"(max-width: 560px) 100vw, 560px\" \/><figcaption id=\"caption-attachment-1253\" class=\"wp-caption-text\">Devant le Z\u00fcz\u00fcl\u00fc un jour de pluie pendant le confinement #3<\/figcaption><\/figure>\n<p>IV<br \/>\nAu bout d&rsquo;un moment (7 ans) les r\u00e9unions \u00e0 IPN, \u00e7a devient compliqu\u00e9, et la pluie me manque, alors je d\u00e9cide de retourner dans mes contr\u00e9es natales, pile au moment o\u00f9 le Z\u00fcz\u00fcl\u00fc s&rsquo;ouvre, donc \u00e7a c&rsquo;est de la chance. C&rsquo;est l\u00e0 que j&rsquo;installe mon atelier de gravure et mes envies de r\u00e9sidences autour de l&rsquo;exp\u00e9rimentation des techniques d&rsquo;impressions.<\/p>\n<p>Aujourd&rsquo;hui, je partage mon temps entre mes d\u00e9sirs d&rsquo;appropriation du paysage, le projet collectif du Z\u00fcz\u00fcl\u00fc, la cr\u00e9ation de livres spectraux avec <a href=\"http:\/\/pressesfantomes.net\">Les presses Fant\u00f4mes<\/a> et les projets de graphisme en ind\u00e9pendante.<\/p>\n<p>&#8211;<\/p>\n<p><a href=\"http:\/\/merci-edith.net\/wp-content\/uploads\/2021\/04\/MERCIER_EDITH_CV.pdf\" data-wplink-edit=\"true\">CV<\/a><\/p>\n<p>Si vous souhaitez correspondre avec moi :<\/p>\n<div role=\"form\" class=\"wpcf7\" id=\"wpcf7-f517-o1\" lang=\"fr-FR\" dir=\"ltr\">\n<div class=\"screen-reader-response\"><p role=\"status\" aria-live=\"polite\" aria-atomic=\"true\"><\/p> <ul><\/ul><\/div>\n<form action=\"\/index.php\/wp-json\/wp\/v2\/pages\/515#wpcf7-f517-o1\" method=\"post\" class=\"wpcf7-form init\" novalidate=\"novalidate\" data-status=\"init\">\n<div style=\"display: none;\">\n<input type=\"hidden\" name=\"_wpcf7\" value=\"517\" \/>\n<input type=\"hidden\" name=\"_wpcf7_version\" value=\"5.4\" \/>\n<input type=\"hidden\" name=\"_wpcf7_locale\" value=\"fr_FR\" \/>\n<input type=\"hidden\" name=\"_wpcf7_unit_tag\" value=\"wpcf7-f517-o1\" \/>\n<input type=\"hidden\" name=\"_wpcf7_container_post\" value=\"0\" \/>\n<input type=\"hidden\" name=\"_wpcf7_posted_data_hash\" value=\"\" \/>\n<\/div>\n<p><label> \u2669 Nom *<br \/>\n    <span class=\"wpcf7-form-control-wrap your-name\"><input type=\"text\" name=\"your-name\" value=\"\" size=\"40\" class=\"wpcf7-form-control wpcf7-text wpcf7-validates-as-required\" aria-required=\"true\" aria-invalid=\"false\" \/><\/span> <\/label><\/p>\n<p><label> \u2708 Adresse de messagerie *<br \/>\n    <span class=\"wpcf7-form-control-wrap your-email\"><input type=\"email\" name=\"your-email\" value=\"\" size=\"40\" class=\"wpcf7-form-control wpcf7-text wpcf7-email wpcf7-validates-as-required wpcf7-validates-as-email\" aria-required=\"true\" aria-invalid=\"false\" \/><\/span> <\/label><\/p>\n<p><label> \u2602 Objet de votre requ\u00eate<br \/>\n    <span class=\"wpcf7-form-control-wrap your-subject\"><input type=\"text\" name=\"your-subject\" value=\"\" size=\"40\" class=\"wpcf7-form-control wpcf7-text\" aria-invalid=\"false\" \/><\/span> <\/label><\/p>\n<p><label> \u2709 Message<br \/>\n    <span class=\"wpcf7-form-control-wrap your-message\"><textarea name=\"your-message\" cols=\"40\" rows=\"10\" class=\"wpcf7-form-control wpcf7-textarea\" aria-invalid=\"false\"><\/textarea><\/span> <\/label><\/p>\n<p><input type=\"submit\" value=\"\u270c Et hop !\" class=\"wpcf7-form-control wpcf7-submit\" \/><\/p>\n<div class=\"wpcf7-response-output\" aria-hidden=\"true\"><\/div><\/form><\/div>\n","protected":false},"excerpt":{"rendered":"<p>Bienvenue ! Apr\u00e8s une formation de graphisme &amp; un master de recherche graphique, je me forme \u00e0 la gravure et \u00e0 l&rsquo;impression dans les ateliers collectifs IPN \u00e0 Toulouse. J&rsquo;y rencontre des gens qui m&rsquo;entrainent dans diverses aventures, des repas de quartier \u00e0 la conception de revues , fanzines et autres r\u00e9jouissances imprim\u00e9es. Puis je &hellip; <\/p>\n<p class=\"link-more\"><a href=\"http:\/\/merci-edith.net\/index.php\/apropos\/\" class=\"more-link\">Continue reading<span class=\"screen-reader-text\"> \u00ab\u00a0\u00e0 propos\u00a0\u00bb<\/span><\/a><\/p>\n","protected":false},"author":1,"featured_media":0,"parent":0,"menu_order":0,"comment_status":"closed","ping_status":"closed","template":"","meta":[],"_links":{"self":[{"href":"http:\/\/merci-edith.net\/index.php\/wp-json\/wp\/v2\/pages\/515"}],"collection":[{"href":"http:\/\/merci-edith.net\/index.php\/wp-json\/wp\/v2\/pages"}],"about":[{"href":"http:\/\/merci-edith.net\/index.php\/wp-json\/wp\/v2\/types\/page"}],"author":[{"embeddable":true,"href":"http:\/\/merci-edith.net\/index.php\/wp-json\/wp\/v2\/users\/1"}],"replies":[{"embeddable":true,"href":"http:\/\/merci-edith.net\/index.php\/wp-json\/wp\/v2\/comments?post=515"}],"version-history":[{"count":20,"href":"http:\/\/merci-edith.net\/index.php\/wp-json\/wp\/v2\/pages\/515\/revisions"}],"predecessor-version":[{"id":1264,"href":"http:\/\/merci-edith.net\/index.php\/wp-json\/wp\/v2\/pages\/515\/revisions\/1264"}],"wp:attachment":[{"href":"http:\/\/merci-edith.net\/index.php\/wp-json\/wp\/v2\/media?parent=515"}],"curies":[{"name":"wp","href":"https:\/\/api.w.org\/{rel}","templated":true}]}}